{"id":1322,"date":"2018-05-29T23:57:22","date_gmt":"2018-05-29T21:57:22","guid":{"rendered":"http:\/\/orchestrejonas.eu\/?page_id=1322"},"modified":"2018-06-04T16:52:16","modified_gmt":"2018-06-04T14:52:16","slug":"wer-sind-wir","status":"publish","type":"page","link":"https:\/\/orchestrejonas.eu\/index.php\/de\/wer-sind-wir\/","title":{"rendered":"Wer sind wir?"},"content":{"rendered":"<p>Herzlich willkommen auf der Homepage von JONAS!<\/p>\n<div class=\"jetpack-video-wrapper\"><iframe width=\"700\" height=\"394\" src=\"https:\/\/www.youtube.com\/embed\/QMJX3cgPTBo?feature=oembed\" frameborder=\"0\" allow=\"autoplay; encrypted-media\" allowfullscreen><\/iframe><\/div>\n<p><em>Untertitel in Deutscher Sprache sind verf\u00fcgbar !<\/em><\/p>\n<p>Das Orchester JONAS ist ein deutsch-franz\u00f6sisches Sinfonieorchester und besteht seit dem Gr\u00fcndungsjahr 2015 aus Laienmusikern und semiprofessionellen Musikern zwischen 15 und 65 Jahren. Die Vision von JONAS ist es, verschiedene Generationen und Kulturen durch die Musik zu verbinden. Zum Repertoire geh\u00f6ren die verschiedensten Musikstile: von Bach bis John Williams \u00fcber Beethoven und Tschaikowsky. Nicolas Jean hat das Orchester mit dem Ziel gegr\u00fcndet, Laien- und Berufsmusikern (und solche, die es werden wollen), zu erm\u00f6glichen, in angenehmer Atmosph\u00e4re zu musizieren. Das Orchester hat seinen Sitz in Stra\u00dfburg und tritt bisher haupts\u00e4chlich im \u00f6stlichen Frankreich auf, soll aber in Zukunft auch in den angrenzenden Regionen Deutschlands auftreten. Au\u00dferdem arbeitet das Orchester gerne mit anderen Musikern, insbesondere Ch\u00f6ren, S\u00e4ngern oder Organisten zusammen.<\/p>\n<hr>\n<p><img fetchpriority=\"high\" decoding=\"async\" class=\"size-medium wp-image-1361 aligncenter\" src=\"https:\/\/i0.wp.com\/orchestrejonas.eu\/wp-content\/uploads\/2018\/06\/MKA2572.jpg?resize=200%2C300\" alt=\"\" width=\"200\" height=\"300\" srcset=\"https:\/\/i0.wp.com\/orchestrejonas.eu\/wp-content\/uploads\/2018\/06\/MKA2572.jpg?resize=200%2C300&amp;ssl=1 200w, https:\/\/i0.wp.com\/orchestrejonas.eu\/wp-content\/uploads\/2018\/06\/MKA2572.jpg?resize=768%2C1151&amp;ssl=1 768w, https:\/\/i0.wp.com\/orchestrejonas.eu\/wp-content\/uploads\/2018\/06\/MKA2572.jpg?resize=683%2C1024&amp;ssl=1 683w, https:\/\/i0.wp.com\/orchestrejonas.eu\/wp-content\/uploads\/2018\/06\/MKA2572.jpg?resize=700%2C1049&amp;ssl=1 700w, https:\/\/i0.wp.com\/orchestrejonas.eu\/wp-content\/uploads\/2018\/06\/MKA2572.jpg?resize=2000%2C2997&amp;ssl=1 2000w, https:\/\/i0.wp.com\/orchestrejonas.eu\/wp-content\/uploads\/2018\/06\/MKA2572.jpg?resize=267%2C400&amp;ssl=1 267w, https:\/\/i0.wp.com\/orchestrejonas.eu\/wp-content\/uploads\/2018\/06\/MKA2572.jpg?w=1400 1400w, https:\/\/i0.wp.com\/orchestrejonas.eu\/wp-content\/uploads\/2018\/06\/MKA2572.jpg?w=2100 2100w\" sizes=\"(max-width: 200px) 100vw, 200px\" data-recalc-dims=\"1\" \/><\/p>\n<p>Als Posaunist und Dirigent erh\u00e4lt Nicolas Jean 2006 sein Abschlussdiplom der Posaunenklasse von Nicolas Moutier am Konservatorium Stra\u00dfburg und 2010 seinen Abschluss in Dirigat bei Miguel Etchegoncelay. Parallel dazu absolviert er ein Masterstudium in Musikwissenschaft an der Universit\u00e4t Marc Bloch in Stra\u00dfburg, das er ebenfalls 2010 abschlie\u00dft. Nicolas Jean ist Leiter der Musikschulen Mertzwiller und Offendorf und dirigiert das Blasorchester Ensemble Musical de Mertzwiller. Als Posaunenlehrer an verschiedenen Musikschulen im Departement Bas-Rhin (Niederrhein) engagiert er sich auch im p\u00e4dagogischen Bereich und leitet Schulorchesterprojekte in Mertzwiller und Offendorf. &nbsp;<\/p>\n","protected":false},"excerpt":{"rendered":"<p>Herzlich willkommen auf der Homepage von JONAS! Untertitel in Deutscher Sprache sind verf\u00fcgbar ! Das Orchester JONAS ist ein deutsch-franz\u00f6sisches Sinfonieorchester und besteht seit dem Gr\u00fcndungsjahr 2015 aus Laienmusikern und semiprofessionellen Musikern zwischen 15 und 65 Jahren. Die Vision von JONAS ist es, verschiedene Generationen und Kulturen durch die Musik zu verbinden. Zum Repertoire geh\u00f6ren &hellip; <a href=\"https:\/\/orchestrejonas.eu\/index.php\/de\/wer-sind-wir\/\" class=\"more-link\">Continue reading <span class=\"screen-reader-text\">Wer sind wir?<\/span> <span class=\"meta-nav\">&rarr;<\/span><\/a><\/p>\n","protected":false},"author":1,"featured_media":0,"parent":0,"menu_order":0,"comment_status":"closed","ping_status":"closed","template":"","meta":{"ngg_post_thumbnail":0,"footnotes":""},"yoast_head":"<!-- This site is optimized with the Yoast SEO plugin v23.6 - https:\/\/yoast.com\/wordpress\/plugins\/seo\/ -->\n<title>Wer sind wir? - Orchestre Jonas<\/title>\n<meta name=\"robots\" content=\"index, follow, max-snippet:-1, max-image-preview:large, max-video-preview:-1\" \/>\n<link rel=\"canonical\" href=\"https:\/\/orchestrejonas.eu\/index.php\/de\/wer-sind-wir\/\" \/>\n<meta property=\"og:locale\" content=\"fr_FR\" \/>\n<meta property=\"og:type\" content=\"article\" \/>\n<meta property=\"og:title\" content=\"Wer sind wir? - Orchestre Jonas\" \/>\n<meta property=\"og:description\" content=\"Herzlich willkommen auf der Homepage von JONAS! Untertitel in Deutscher Sprache sind verf\u00fcgbar ! Das Orchester JONAS ist ein deutsch-franz\u00f6sisches Sinfonieorchester und besteht seit dem Gr\u00fcndungsjahr 2015 aus Laienmusikern und semiprofessionellen Musikern zwischen 15 und 65 Jahren. Die Vision von JONAS ist es, verschiedene Generationen und Kulturen durch die Musik zu verbinden. Zum Repertoire geh\u00f6ren &hellip; Continue reading Wer sind wir? &rarr;\" \/>\n<meta property=\"og:url\" content=\"https:\/\/orchestrejonas.eu\/index.php\/de\/wer-sind-wir\/\" \/>\n<meta property=\"og:site_name\" content=\"Orchestre Jonas\" \/>\n<meta property=\"article:modified_time\" content=\"2018-06-04T14:52:16+00:00\" \/>\n<meta property=\"og:image\" content=\"http:\/\/orchestrejonas.eu\/wp-content\/uploads\/2018\/06\/MKA2572-200x300.jpg\" \/>\n<meta name=\"twitter:card\" content=\"summary_large_image\" \/>\n<meta name=\"twitter:label1\" content=\"Dur\u00e9e de lecture estim\u00e9e\" \/>\n\t<meta name=\"twitter:data1\" content=\"1 minute\" \/>\n<script type=\"application\/ld+json\" class=\"yoast-schema-graph\">{\"@context\":\"https:\/\/schema.org\",\"@graph\":[{\"@type\":\"WebPage\",\"@id\":\"https:\/\/orchestrejonas.eu\/index.php\/de\/wer-sind-wir\/\",\"url\":\"https:\/\/orchestrejonas.eu\/index.php\/de\/wer-sind-wir\/\",\"name\":\"Wer sind wir? - Orchestre Jonas\",\"isPartOf\":{\"@id\":\"https:\/\/orchestrejonas.eu\/#website\"},\"primaryImageOfPage\":{\"@id\":\"https:\/\/orchestrejonas.eu\/index.php\/de\/wer-sind-wir\/#primaryimage\"},\"image\":{\"@id\":\"https:\/\/orchestrejonas.eu\/index.php\/de\/wer-sind-wir\/#primaryimage\"},\"thumbnailUrl\":\"http:\/\/orchestrejonas.eu\/wp-content\/uploads\/2018\/06\/MKA2572-200x300.jpg\",\"datePublished\":\"2018-05-29T21:57:22+00:00\",\"dateModified\":\"2018-06-04T14:52:16+00:00\",\"breadcrumb\":{\"@id\":\"https:\/\/orchestrejonas.eu\/index.php\/de\/wer-sind-wir\/#breadcrumb\"},\"inLanguage\":\"fr-FR\",\"potentialAction\":[{\"@type\":\"ReadAction\",\"target\":[\"https:\/\/orchestrejonas.eu\/index.php\/de\/wer-sind-wir\/\"]}]},{\"@type\":\"ImageObject\",\"inLanguage\":\"fr-FR\",\"@id\":\"https:\/\/orchestrejonas.eu\/index.php\/de\/wer-sind-wir\/#primaryimage\",\"url\":\"https:\/\/i0.wp.com\/orchestrejonas.eu\/wp-content\/uploads\/2018\/06\/MKA2572.jpg?fit=4912%2C7360&ssl=1\",\"contentUrl\":\"https:\/\/i0.wp.com\/orchestrejonas.eu\/wp-content\/uploads\/2018\/06\/MKA2572.jpg?fit=4912%2C7360&ssl=1\",\"width\":4912,\"height\":7360},{\"@type\":\"BreadcrumbList\",\"@id\":\"https:\/\/orchestrejonas.eu\/index.php\/de\/wer-sind-wir\/#breadcrumb\",\"itemListElement\":[{\"@type\":\"ListItem\",\"position\":1,\"name\":\"Accueil\",\"item\":\"https:\/\/orchestrejonas.eu\/\"},{\"@type\":\"ListItem\",\"position\":2,\"name\":\"Wer sind wir?\"}]},{\"@type\":\"WebSite\",\"@id\":\"https:\/\/orchestrejonas.eu\/#website\",\"url\":\"https:\/\/orchestrejonas.eu\/\",\"name\":\"Orchestre Jonas\",\"description\":\"Orchestre symphonique franco-allemand\",\"publisher\":{\"@id\":\"https:\/\/orchestrejonas.eu\/#organization\"},\"potentialAction\":[{\"@type\":\"SearchAction\",\"target\":{\"@type\":\"EntryPoint\",\"urlTemplate\":\"https:\/\/orchestrejonas.eu\/?s={search_term_string}\"},\"query-input\":{\"@type\":\"PropertyValueSpecification\",\"valueRequired\":true,\"valueName\":\"search_term_string\"}}],\"inLanguage\":\"fr-FR\"},{\"@type\":\"Organization\",\"@id\":\"https:\/\/orchestrejonas.eu\/#organization\",\"name\":\"Orchestre Jonas\",\"url\":\"https:\/\/orchestrejonas.eu\/\",\"logo\":{\"@type\":\"ImageObject\",\"inLanguage\":\"fr-FR\",\"@id\":\"https:\/\/orchestrejonas.eu\/#\/schema\/logo\/image\/\",\"url\":\"https:\/\/i0.wp.com\/orchestrejonas.eu\/wp-content\/uploads\/2018\/02\/cropped-Jonas_logo_v7c2-1-1.png?fit=1000%2C1000&ssl=1\",\"contentUrl\":\"https:\/\/i0.wp.com\/orchestrejonas.eu\/wp-content\/uploads\/2018\/02\/cropped-Jonas_logo_v7c2-1-1.png?fit=1000%2C1000&ssl=1\",\"width\":1000,\"height\":1000,\"caption\":\"Orchestre Jonas\"},\"image\":{\"@id\":\"https:\/\/orchestrejonas.eu\/#\/schema\/logo\/image\/\"}}]}<\/script>\n<!-- \/ Yoast SEO plugin. -->","yoast_head_json":{"title":"Wer sind wir? - Orchestre Jonas","robots":{"index":"index","follow":"follow","max-snippet":"max-snippet:-1","max-image-preview":"max-image-preview:large","max-video-preview":"max-video-preview:-1"},"canonical":"https:\/\/orchestrejonas.eu\/index.php\/de\/wer-sind-wir\/","og_locale":"fr_FR","og_type":"article","og_title":"Wer sind wir? - Orchestre Jonas","og_description":"Herzlich willkommen auf der Homepage von JONAS! Untertitel in Deutscher Sprache sind verf\u00fcgbar ! Das Orchester JONAS ist ein deutsch-franz\u00f6sisches Sinfonieorchester und besteht seit dem Gr\u00fcndungsjahr 2015 aus Laienmusikern und semiprofessionellen Musikern zwischen 15 und 65 Jahren. Die Vision von JONAS ist es, verschiedene Generationen und Kulturen durch die Musik zu verbinden. Zum Repertoire geh\u00f6ren &hellip; Continue reading Wer sind wir? &rarr;","og_url":"https:\/\/orchestrejonas.eu\/index.php\/de\/wer-sind-wir\/","og_site_name":"Orchestre Jonas","article_modified_time":"2018-06-04T14:52:16+00:00","og_image":[{"url":"http:\/\/orchestrejonas.eu\/wp-content\/uploads\/2018\/06\/MKA2572-200x300.jpg"}],"twitter_card":"summary_large_image","twitter_misc":{"Dur\u00e9e de lecture estim\u00e9e":"1 minute"},"schema":{"@context":"https:\/\/schema.org","@graph":[{"@type":"WebPage","@id":"https:\/\/orchestrejonas.eu\/index.php\/de\/wer-sind-wir\/","url":"https:\/\/orchestrejonas.eu\/index.php\/de\/wer-sind-wir\/","name":"Wer sind wir? - Orchestre Jonas","isPartOf":{"@id":"https:\/\/orchestrejonas.eu\/#website"},"primaryImageOfPage":{"@id":"https:\/\/orchestrejonas.eu\/index.php\/de\/wer-sind-wir\/#primaryimage"},"image":{"@id":"https:\/\/orchestrejonas.eu\/index.php\/de\/wer-sind-wir\/#primaryimage"},"thumbnailUrl":"http:\/\/orchestrejonas.eu\/wp-content\/uploads\/2018\/06\/MKA2572-200x300.jpg","datePublished":"2018-05-29T21:57:22+00:00","dateModified":"2018-06-04T14:52:16+00:00","breadcrumb":{"@id":"https:\/\/orchestrejonas.eu\/index.php\/de\/wer-sind-wir\/#breadcrumb"},"inLanguage":"fr-FR","potentialAction":[{"@type":"ReadAction","target":["https:\/\/orchestrejonas.eu\/index.php\/de\/wer-sind-wir\/"]}]},{"@type":"ImageObject","inLanguage":"fr-FR","@id":"https:\/\/orchestrejonas.eu\/index.php\/de\/wer-sind-wir\/#primaryimage","url":"https:\/\/i0.wp.com\/orchestrejonas.eu\/wp-content\/uploads\/2018\/06\/MKA2572.jpg?fit=4912%2C7360&ssl=1","contentUrl":"https:\/\/i0.wp.com\/orchestrejonas.eu\/wp-content\/uploads\/2018\/06\/MKA2572.jpg?fit=4912%2C7360&ssl=1","width":4912,"height":7360},{"@type":"BreadcrumbList","@id":"https:\/\/orchestrejonas.eu\/index.php\/de\/wer-sind-wir\/#breadcrumb","itemListElement":[{"@type":"ListItem","position":1,"name":"Accueil","item":"https:\/\/orchestrejonas.eu\/"},{"@type":"ListItem","position":2,"name":"Wer sind wir?"}]},{"@type":"WebSite","@id":"https:\/\/orchestrejonas.eu\/#website","url":"https:\/\/orchestrejonas.eu\/","name":"Orchestre Jonas","description":"Orchestre symphonique franco-allemand","publisher":{"@id":"https:\/\/orchestrejonas.eu\/#organization"},"potentialAction":[{"@type":"SearchAction","target":{"@type":"EntryPoint","urlTemplate":"https:\/\/orchestrejonas.eu\/?s={search_term_string}"},"query-input":{"@type":"PropertyValueSpecification","valueRequired":true,"valueName":"search_term_string"}}],"inLanguage":"fr-FR"},{"@type":"Organization","@id":"https:\/\/orchestrejonas.eu\/#organization","name":"Orchestre Jonas","url":"https:\/\/orchestrejonas.eu\/","logo":{"@type":"ImageObject","inLanguage":"fr-FR","@id":"https:\/\/orchestrejonas.eu\/#\/schema\/logo\/image\/","url":"https:\/\/i0.wp.com\/orchestrejonas.eu\/wp-content\/uploads\/2018\/02\/cropped-Jonas_logo_v7c2-1-1.png?fit=1000%2C1000&ssl=1","contentUrl":"https:\/\/i0.wp.com\/orchestrejonas.eu\/wp-content\/uploads\/2018\/02\/cropped-Jonas_logo_v7c2-1-1.png?fit=1000%2C1000&ssl=1","width":1000,"height":1000,"caption":"Orchestre Jonas"},"image":{"@id":"https:\/\/orchestrejonas.eu\/#\/schema\/logo\/image\/"}}]}},"jetpack_sharing_enabled":true,"_links":{"self":[{"href":"https:\/\/orchestrejonas.eu\/index.php\/wp-json\/wp\/v2\/pages\/1322"}],"collection":[{"href":"https:\/\/orchestrejonas.eu\/index.php\/wp-json\/wp\/v2\/pages"}],"about":[{"href":"https:\/\/orchestrejonas.eu\/index.php\/wp-json\/wp\/v2\/types\/page"}],"author":[{"embeddable":true,"href":"https:\/\/orchestrejonas.eu\/index.php\/wp-json\/wp\/v2\/users\/1"}],"replies":[{"embeddable":true,"href":"https:\/\/orchestrejonas.eu\/index.php\/wp-json\/wp\/v2\/comments?post=1322"}],"version-history":[{"count":4,"href":"https:\/\/orchestrejonas.eu\/index.php\/wp-json\/wp\/v2\/pages\/1322\/revisions"}],"predecessor-version":[{"id":1360,"href":"https:\/\/orchestrejonas.eu\/index.php\/wp-json\/wp\/v2\/pages\/1322\/revisions\/1360"}],"wp:attachment":[{"href":"https:\/\/orchestrejonas.eu\/index.php\/wp-json\/wp\/v2\/media?parent=1322"}],"curies":[{"name":"wp","href":"https:\/\/api.w.org\/{rel}","templated":true}]}}