{"id":1300,"date":"2018-05-29T23:22:55","date_gmt":"2018-05-29T21:22:55","guid":{"rendered":"http:\/\/orchestrejonas.eu\/?page_id=1300"},"modified":"2023-02-17T14:30:36","modified_gmt":"2023-02-17T13:30:36","slug":"politique-de-confidentialite","status":"publish","type":"page","link":"https:\/\/orchestrejonas.eu\/index.php\/accueil\/politique-de-confidentialite\/","title":{"rendered":"Politique de confidentialit\u00e9"},"content":{"rendered":"<h2>Mentions l\u00e9gales<\/h2>\n<h3>ORCHESTRE JONAS<\/h3>\n<p>L\u2019adresse de notre site Web est&nbsp;: http:\/\/orchestrejonas.eu.<\/p>\n<p><strong>Orchestre symphonique franco-allemand<\/strong><\/p>\n<p>Association enregistr\u00e9e au Registre des Associations du tribunal d\u2019instance de Strasbourg depuis le 19 d\u00e9cembre 2016, sous les r\u00e9f\u00e9rences: Volume 94 Folio n\u00b0324<\/p>\n<h3>Si\u00e8ge social&nbsp;:<\/h3>\n<p>44 rue d&rsquo;Ypres<\/p>\n<p>67000 Strasbourg<\/p>\n<p><strong>Contact<br \/>\n<\/strong><\/p>\n<p>Email : <a href=\"mailto:orchestrejonas@gmail.com\">orchestrejonas@gmail.com<\/a><\/p>\n<h3>Membres du Conseil d&rsquo;administration<\/h3>\n<ul>\n<li>Nicolas Jean (pr\u00e9sident et directeur musical)<\/li>\n<li>H\u00e9l\u00e8ne Karcher (secr\u00e9taire et charg\u00e9e de communication)<\/li>\n<li>Pascal Meyer (tr\u00e9sorier)<\/li>\n<li>Fabienne Loose (administratrice et charg\u00e9e des relations franco-allemandes)<\/li>\n<\/ul>\n<h3>Objet de l\u2019association<\/h3>\n<p>L\u2019association ORCHESTRE JONAS a pour objet de favoriser la pratique et la culture musicale et toutes activit\u00e9s n\u00e9cessaires ou utiles pour atteindre ces buts. Elle n\u2019a aucun but lucratif et s\u2019abstient de toute activit\u00e9 politique.<\/p>\n<h3>Liens ext\u00e9rieurs du site<\/h3>\n<p>Ce site internet contient des liens vers des sites internet de tiers dont l\u2019ORCHESTRE JONAS n\u2019est ni le propri\u00e9taire ni le gestionnaire. ORCHESTRE JONAS ne pourra donc \u00eatre tenu responsable du contenu de ces sites.<\/p>\n<h3>Droit d&rsquo;auteur et autres droits sp\u00e9ciaux<\/h3>\n<p>Le contenu de ce site Internet est prot\u00e9g\u00e9 par des droits d&rsquo;auteur. Les textes, images et vid\u00e9os dont ORCHESTRE JONAS poss\u00e8de les droits d&rsquo;auteur ne peuvent \u00eatre t\u00e9l\u00e9charg\u00e9s, reproduits, copi\u00e9s, modifi\u00e9s, publi\u00e9s, transf\u00e9r\u00e9s ou utilis\u00e9s sous une autre forme, qu&rsquo;apr\u00e8s obtention d&rsquo;une autorisation \u00e9crite de JONAS. Toute utilisation non autoris\u00e9e peut conduire \u00e0 des dommages et int\u00e9r\u00eats.<\/p>\n<p><strong>Cr\u00e9dit <\/strong>: \u00a9 ORCHESTRE JONAS<\/p>\n<p><strong>Engagement de confidentialit\u00e9 et de s\u00e9curit\u00e9<\/strong><\/p>\n<p><strong><u>Responsabilit\u00e9 du traitement <\/u><\/strong><\/p>\n<p>L\u2019institution responsable du traitement de vos donn\u00e9es est&nbsp;l\u2019association ORCHESTRE JONAS<\/p>\n<p><strong><u>Protection de donn\u00e9es \u00e0 caract\u00e8re personnel <\/u><\/strong><\/p>\n<p>En application du r\u00e8glement g\u00e9n\u00e9ral de protection des donn\u00e9es (r\u00e8glement europ\u00e9en) &nbsp;de donn\u00e9es \u00e0 caract\u00e8re personnel (par exemple nom, pr\u00e9nom, adresse \u00e9lectronique, adresse postale), notamment de ses membres font l\u2019objet d\u2019une protection \u00e9lev\u00e9e.&nbsp; ORCHESTRE JONAS s\u2019engage \u00e0 prendre toutes les mesures de pr\u00e9caution n\u00e9cessaires afin de prot\u00e9ger ces donn\u00e9es, d&rsquo;en pr\u00e9server l&rsquo;int\u00e9grit\u00e9 et notamment d&#8217;emp\u00eacher qu&rsquo;elles ne soient communiqu\u00e9es \u00e0 des tiers non autoris\u00e9s. Le traitement de donn\u00e9es \u00e0 caract\u00e8re personnel se fait exclusivement selon l\u2019objet de l\u2019association.<\/p>\n<p><strong><u>D<\/u><\/strong><strong><u>roit \u00e0 la communication, rectification, suppression<\/u><\/strong><\/p>\n<p>Vous disposez \u00e0 tout moment d\u2019un droit \u00e0 la communication, rectification et suppression de vos donn\u00e9es personnelles et de votre consentement. Vous pouvez exercer ces droits en envoyant un courriel \u00e0 l\u2019adresse suivante : <a href=\"mailto:orchestrejonas@gmail.com\">orchestrejonas@gmail.com<\/a><\/p>\n<h2>Utilisation des donn\u00e9es personnelles collect\u00e9es<\/h2>\n<h3>Commentaires<\/h3>\n<p>Quand vous laissez un commentaire sur notre site web, les donn\u00e9es inscrites dans le formulaire de commentaire, mais aussi votre adresse IP et l\u2019agent utilisateur de votre navigateur sont collect\u00e9s pour nous aider \u00e0 la d\u00e9tection des commentaires ind\u00e9sirables.<\/p>\n<p>Une cha\u00eene anonymis\u00e9e cr\u00e9\u00e9e \u00e0 partir de votre adresse de messagerie (\u00e9galement appel\u00e9e hash) peut \u00eatre envoy\u00e9e au service Gravatar pour v\u00e9rifier si vous utilisez ce dernier. Les clauses de confidentialit\u00e9 du service Gravatar sont disponibles ici&nbsp;: https:\/\/automattic.com\/privacy\/. Apr\u00e8s validation de votre commentaire, votre photo de profil sera visible publiquement \u00e0 cot\u00e9 de votre commentaire.<\/p>\n<h3>M\u00e9dias<\/h3>\n<p>Si vous \u00eates un utilisateur ou une utilisatrice enregistr\u00e9\u00b7e et que vous t\u00e9l\u00e9versez des images sur le site web, nous vous conseillons d\u2019\u00e9viter de t\u00e9l\u00e9verser des images contenant des donn\u00e9es EXIF de coordonn\u00e9es GPS. Les visiteurs de votre site web peuvent t\u00e9l\u00e9charger et extraire des donn\u00e9es de localisation depuis ces images.<\/p>\n<h3>Cookies<\/h3>\n<p>Si vous d\u00e9posez un commentaire sur notre site, il vous sera propos\u00e9 d\u2019enregistrer votre nom, adresse de messagerie et site web dans des cookies. C\u2019est uniquement pour votre confort afin de ne pas avoir \u00e0 saisir ces informations si vous d\u00e9posez un autre commentaire plus tard. Ces cookies expirent au bout d\u2019un an.<\/p>\n<p>Si vous avez un compte et que vous vous connectez sur ce site, un cookie temporaire sera cr\u00e9\u00e9 afin de d\u00e9terminer si votre navigateur accepte les cookies. Il ne contient pas de donn\u00e9es personnelles et sera supprim\u00e9 automatiquement \u00e0 la fermeture de votre navigateur.<\/p>\n<p>Lorsque vous vous connecterez, nous mettrons en place un certain nombre de cookies pour enregistrer vos informations de connexion et vos pr\u00e9f\u00e9rences d\u2019\u00e9cran. La dur\u00e9e de vie d\u2019un cookie de connexion est de deux jours, celle d\u2019un cookie d\u2019option d\u2019\u00e9cran est d\u2019un an. Si vous cochez \u00ab&nbsp;Se souvenir de moi&nbsp;\u00bb, votre cookie de connexion sera conserv\u00e9 pendant deux semaines. Si vous vous d\u00e9connectez de votre compte, le cookie de connexion sera effac\u00e9.<\/p>\n<p>En modifiant ou en publiant un article, un cookie suppl\u00e9mentaire sera enregistr\u00e9 dans votre navigateur. Ce cookie ne comprend aucune donn\u00e9e personnelle. Il indique simplement l\u2019identifiant de l\u2019article que vous venez de modifier. Il expire au bout d\u2019un jour.<\/p>\n<h3>Contenu embarqu\u00e9 depuis d\u2019autres sites<\/h3>\n<p>Les articles de ce site peuvent inclure des contenus int\u00e9gr\u00e9s (par exemple des vid\u00e9os, images, articles\u2026). Le contenu int\u00e9gr\u00e9 depuis d\u2019autres sites se comporte de la m\u00eame mani\u00e8re que si le visiteur se rendait sur cet autre site.<\/p>\n<p>Ces sites web pourraient collecter des donn\u00e9es sur vous, utiliser des cookies, embarquer des outils de suivis tiers, suivre vos interactions avec ces contenus embarqu\u00e9s si vous disposez d\u2019un compte connect\u00e9 sur leur site web.<\/p>\n<h2>Dur\u00e9es de stockage de vos donn\u00e9es<\/h2>\n<p>Si vous laissez un commentaire, le commentaire et ses m\u00e9tadonn\u00e9es sont conserv\u00e9s ind\u00e9finiment. Cela permet de reconna\u00eetre et approuver automatiquement les commentaires suivants au lieu de les laisser dans la file de mod\u00e9ration.<\/p>\n<p>Pour les utilisateurs et utilisatrices qui s\u2019enregistrent sur notre site (si cela est possible), nous stockons \u00e9galement les donn\u00e9es personnelles indiqu\u00e9es dans leur profil. Tous les utilisateurs et utilisatrices peuvent voir, modifier ou supprimer leurs informations personnelles \u00e0 tout moment (\u00e0 l\u2019exception de leur nom d\u2019utilisateur\u00b7ice). Les gestionnaires du site peuvent aussi voir et modifier ces informations.<\/p>\n<h2>Les droits que vous avez sur vos donn\u00e9es<\/h2>\n<p>Si vous avez un compte ou si vous avez laiss\u00e9 des commentaires sur le site, vous pouvez demander \u00e0 recevoir un fichier contenant toutes les donn\u00e9es personnelles que nous poss\u00e9dons \u00e0 votre sujet, incluant celles que vous nous avez fournies. Vous pouvez \u00e9galement demander la suppression des donn\u00e9es personnelles vous concernant. Cela ne prend pas en compte les donn\u00e9es stock\u00e9es \u00e0 des fins administratives, l\u00e9gales ou pour des raisons de s\u00e9curit\u00e9.<\/p>\n<h2>Transmission de vos donn\u00e9es personnelles<\/h2>\n<p>Les commentaires des visiteurs peuvent \u00eatre v\u00e9rifi\u00e9s \u00e0 l\u2019aide d\u2019un service automatis\u00e9 de d\u00e9tection des commentaires ind\u00e9sirables.<\/p>\n<h2>\n<strong>ORCHESTRE JONAS<\/strong><\/h2>\n<p>Deutsch-franz\u00f6sisches Sinfonieorchester<br \/>\n4, rue Zink<br \/>\n67100 Stra\u00dfburg<br \/>\nKontakt<br \/>\nTel.&nbsp;: +33676721413<br \/>\nEmail : orchestrejonas@gmail.com<\/p>\n<p><strong>Vorstandsmitglieder<\/strong><br \/>\n\uf0b7 Nicolas Jean (Vorsitzender und musikalischer Leiter)<br \/>\n\uf0b7 H\u00e9l\u00e8ne Karcher (Sekret\u00e4rin und Kommunikationsbeauftragte)<br \/>\n\uf0b7 Pascal Meyer (Kassenwart)<br \/>\n\uf0b7 Fabienne Loose (Vorstandsmitglied und f\u00fcr deutsch-franz\u00f6sische Beziehungen)<\/p>\n<p><strong>Vereinszweck<\/strong><br \/>\nZweck des Vereins ORCHESTRE JONAS ist die F\u00f6rderung der Musikpraxis und \u2013kultur einschlie\u00dflich aller dazu notwendigen oder geeigneten Aktivit\u00e4ten. Der Verein hat keineGewinnerzielungsabsicht und enth\u00e4lt sich jedweder politischen Aktivit\u00e4t.<\/p>\n<p>Diese Seite enth\u00e4lt Links zu Internetseiten von Dritten, die weder im Eigentum von ORCHESTRE JONAS stehen noch von diesem verwaltet werden. ORCHESTRE JONAS kann daher nicht f\u00fcr die Inhalte dieser Seiten verantwortlich gemacht werden. Urheberrechte und sonstige Sonderschutzrechte<\/p>\n<p>Der Inhalt dieser Internetseite ist urheberrechtlich gesch\u00fctzt. Texte, Bilder und Videos, die im Urheberrecht von ORCHESTRE JONAS stehen, d\u00fcrfen nicht ohne die vorherige schriftliche Zustimmung von ORCHESTRE JONAS heruntergeladen, widergegeben, kopiert, ver\u00e4ndert, ver\u00f6ffentlicht, \u00fcbertragen oder anderweitig verwendet werden. Jedwede unautorisierte Verwendung kann zu Schadensersatzanspr\u00fcchen f\u00fchren.<\/p>\n<p><strong>Copyright Vermerk: \u00a9 ORCHESTRE JONAS<\/strong><\/p>\n<p><strong>Datenschutzrichtlinie<\/strong><br \/>\nVerantwortlichkeit f\u00fcr die Verarbeitung<br \/>\nF\u00fcr die Verarbeitung Ihrer Daten verantwortliche Stelle:<br \/>\nVerein ORCHESTRE JONAS<br \/>\nSitz&nbsp;:<br \/>\n4, rue Zink<br \/>\n67100 Stra\u00dfburg<br \/>\nTel.&nbsp;: +33676721413<br \/>\nEmail : orchestrejonas@gmail.com<\/p>\n<p><strong>Schutz von personenbezogenen Daten<\/strong><br \/>\nGem\u00e4\u00df der europ\u00e4ischen Datenschutzgrundverordnung unterliegt die Verarbeitung personenbezogener<br \/>\nDaten (z.B. Name, Vorname, Emailadresse, Anschrift) einem hohen Schutzniveau. ORCHESTRE JONAS verpflichtet sich, alle notwendigen Schutzma\u00dfnahmen zu treffen, um diese Daten zu sch\u00fctzen, deren Integrit\u00e4t zu wahren und insbesondere die unerlaubte Weitergabe an Dritte zu vermeiden. Die Verarbeitung personenbezogener Daten erfolgt ausschlie\u00dflich zur Aus\u00fcbung des Vereinszwecks.<\/p>\n<p><strong>Recht auf Auskunft, Korrektur und L\u00f6schung<\/strong><br \/>\nSie haben jederzeit das Recht auf Auskunft, Korrektur sowie L\u00f6schung Ihrer personenbezogenen Daten sowie zum Widerruf Ihrer Zustimmung. Diese Rechte k\u00f6nnen per Email an orchestrejonas@gmail.com geltend gemacht werden.<\/p>\n<p><strong>Verwendung von Cookies&nbsp;?<\/strong><br \/>\nWir verwenden auf unserer Internetseite Cookies. F\u00fcr mehr Informationen und um die Einstellungenzu \u00e4ndern, klicken Sie hier.&nbsp;<\/p>\n","protected":false},"excerpt":{"rendered":"<p>Mentions l\u00e9gales ORCHESTRE JONAS L\u2019adresse de notre site Web est&nbsp;: http:\/\/orchestrejonas.eu. Orchestre symphonique franco-allemand Association enregistr\u00e9e au Registre des Associations du tribunal d\u2019instance de Strasbourg depuis le 19 d\u00e9cembre 2016, sous les r\u00e9f\u00e9rences: Volume 94 Folio n\u00b0324 Si\u00e8ge social&nbsp;: 44 rue d&rsquo;Ypres 67000 Strasbourg Contact Email : orchestrejonas@gmail.com Membres du Conseil d&rsquo;administration Nicolas Jean (pr\u00e9sident &hellip; <a href=\"https:\/\/orchestrejonas.eu\/index.php\/accueil\/politique-de-confidentialite\/\" class=\"more-link\">Continue reading <span class=\"screen-reader-text\">Politique de confidentialit\u00e9<\/span> <span class=\"meta-nav\">&rarr;<\/span><\/a><\/p>\n","protected":false},"author":1,"featured_media":0,"parent":7,"menu_order":0,"comment_status":"closed","ping_status":"closed","template":"","meta":{"ngg_post_thumbnail":0,"footnotes":""},"yoast_head":"<!-- This site is optimized with the Yoast SEO plugin v23.6 - https:\/\/yoast.com\/wordpress\/plugins\/seo\/ -->\n<title>Politique de confidentialit\u00e9 - Orchestre Jonas<\/title>\n<meta name=\"robots\" content=\"index, follow, max-snippet:-1, max-image-preview:large, max-video-preview:-1\" \/>\n<link rel=\"canonical\" href=\"https:\/\/orchestrejonas.eu\/index.php\/accueil\/politique-de-confidentialite\/\" \/>\n<meta property=\"og:locale\" content=\"fr_FR\" \/>\n<meta property=\"og:type\" content=\"article\" \/>\n<meta property=\"og:title\" content=\"Politique de confidentialit\u00e9 - Orchestre Jonas\" \/>\n<meta property=\"og:description\" content=\"Mentions l\u00e9gales ORCHESTRE JONAS L\u2019adresse de notre site Web est&nbsp;: http:\/\/orchestrejonas.eu. Orchestre symphonique franco-allemand Association enregistr\u00e9e au Registre des Associations du tribunal d\u2019instance de Strasbourg depuis le 19 d\u00e9cembre 2016, sous les r\u00e9f\u00e9rences: Volume 94 Folio n\u00b0324 Si\u00e8ge social&nbsp;: 44 rue d&rsquo;Ypres 67000 Strasbourg Contact Email : orchestrejonas@gmail.com Membres du Conseil d&rsquo;administration Nicolas Jean (pr\u00e9sident &hellip; Continue reading Politique de confidentialit\u00e9 &rarr;\" \/>\n<meta property=\"og:url\" content=\"https:\/\/orchestrejonas.eu\/index.php\/accueil\/politique-de-confidentialite\/\" \/>\n<meta property=\"og:site_name\" content=\"Orchestre Jonas\" \/>\n<meta property=\"article:modified_time\" content=\"2023-02-17T13:30:36+00:00\" \/>\n<meta name=\"twitter:card\" content=\"summary_large_image\" \/>\n<meta name=\"twitter:label1\" content=\"Dur\u00e9e de lecture estim\u00e9e\" \/>\n\t<meta name=\"twitter:data1\" content=\"7 minutes\" \/>\n<script type=\"application\/ld+json\" class=\"yoast-schema-graph\">{\"@context\":\"https:\/\/schema.org\",\"@graph\":[{\"@type\":\"WebPage\",\"@id\":\"https:\/\/orchestrejonas.eu\/index.php\/accueil\/politique-de-confidentialite\/\",\"url\":\"https:\/\/orchestrejonas.eu\/index.php\/accueil\/politique-de-confidentialite\/\",\"name\":\"Politique de confidentialit\u00e9 - Orchestre Jonas\",\"isPartOf\":{\"@id\":\"https:\/\/orchestrejonas.eu\/#website\"},\"datePublished\":\"2018-05-29T21:22:55+00:00\",\"dateModified\":\"2023-02-17T13:30:36+00:00\",\"breadcrumb\":{\"@id\":\"https:\/\/orchestrejonas.eu\/index.php\/accueil\/politique-de-confidentialite\/#breadcrumb\"},\"inLanguage\":\"fr-FR\",\"potentialAction\":[{\"@type\":\"ReadAction\",\"target\":[\"https:\/\/orchestrejonas.eu\/index.php\/accueil\/politique-de-confidentialite\/\"]}]},{\"@type\":\"BreadcrumbList\",\"@id\":\"https:\/\/orchestrejonas.eu\/index.php\/accueil\/politique-de-confidentialite\/#breadcrumb\",\"itemListElement\":[{\"@type\":\"ListItem\",\"position\":1,\"name\":\"Accueil\",\"item\":\"https:\/\/orchestrejonas.eu\/\"},{\"@type\":\"ListItem\",\"position\":2,\"name\":\"A propos\",\"item\":\"https:\/\/orchestrejonas.eu\/\"},{\"@type\":\"ListItem\",\"position\":3,\"name\":\"Politique de confidentialit\u00e9\"}]},{\"@type\":\"WebSite\",\"@id\":\"https:\/\/orchestrejonas.eu\/#website\",\"url\":\"https:\/\/orchestrejonas.eu\/\",\"name\":\"Orchestre Jonas\",\"description\":\"Orchestre symphonique franco-allemand\",\"publisher\":{\"@id\":\"https:\/\/orchestrejonas.eu\/#organization\"},\"potentialAction\":[{\"@type\":\"SearchAction\",\"target\":{\"@type\":\"EntryPoint\",\"urlTemplate\":\"https:\/\/orchestrejonas.eu\/?s={search_term_string}\"},\"query-input\":{\"@type\":\"PropertyValueSpecification\",\"valueRequired\":true,\"valueName\":\"search_term_string\"}}],\"inLanguage\":\"fr-FR\"},{\"@type\":\"Organization\",\"@id\":\"https:\/\/orchestrejonas.eu\/#organization\",\"name\":\"Orchestre Jonas\",\"url\":\"https:\/\/orchestrejonas.eu\/\",\"logo\":{\"@type\":\"ImageObject\",\"inLanguage\":\"fr-FR\",\"@id\":\"https:\/\/orchestrejonas.eu\/#\/schema\/logo\/image\/\",\"url\":\"https:\/\/i0.wp.com\/orchestrejonas.eu\/wp-content\/uploads\/2018\/02\/cropped-Jonas_logo_v7c2-1-1.png?fit=1000%2C1000&ssl=1\",\"contentUrl\":\"https:\/\/i0.wp.com\/orchestrejonas.eu\/wp-content\/uploads\/2018\/02\/cropped-Jonas_logo_v7c2-1-1.png?fit=1000%2C1000&ssl=1\",\"width\":1000,\"height\":1000,\"caption\":\"Orchestre Jonas\"},\"image\":{\"@id\":\"https:\/\/orchestrejonas.eu\/#\/schema\/logo\/image\/\"}}]}<\/script>\n<!-- \/ Yoast SEO plugin. -->","yoast_head_json":{"title":"Politique de confidentialit\u00e9 - Orchestre Jonas","robots":{"index":"index","follow":"follow","max-snippet":"max-snippet:-1","max-image-preview":"max-image-preview:large","max-video-preview":"max-video-preview:-1"},"canonical":"https:\/\/orchestrejonas.eu\/index.php\/accueil\/politique-de-confidentialite\/","og_locale":"fr_FR","og_type":"article","og_title":"Politique de confidentialit\u00e9 - Orchestre Jonas","og_description":"Mentions l\u00e9gales ORCHESTRE JONAS L\u2019adresse de notre site Web est&nbsp;: http:\/\/orchestrejonas.eu. Orchestre symphonique franco-allemand Association enregistr\u00e9e au Registre des Associations du tribunal d\u2019instance de Strasbourg depuis le 19 d\u00e9cembre 2016, sous les r\u00e9f\u00e9rences: Volume 94 Folio n\u00b0324 Si\u00e8ge social&nbsp;: 44 rue d&rsquo;Ypres 67000 Strasbourg Contact Email : orchestrejonas@gmail.com Membres du Conseil d&rsquo;administration Nicolas Jean (pr\u00e9sident &hellip; Continue reading Politique de confidentialit\u00e9 &rarr;","og_url":"https:\/\/orchestrejonas.eu\/index.php\/accueil\/politique-de-confidentialite\/","og_site_name":"Orchestre Jonas","article_modified_time":"2023-02-17T13:30:36+00:00","twitter_card":"summary_large_image","twitter_misc":{"Dur\u00e9e de lecture estim\u00e9e":"7 minutes"},"schema":{"@context":"https:\/\/schema.org","@graph":[{"@type":"WebPage","@id":"https:\/\/orchestrejonas.eu\/index.php\/accueil\/politique-de-confidentialite\/","url":"https:\/\/orchestrejonas.eu\/index.php\/accueil\/politique-de-confidentialite\/","name":"Politique de confidentialit\u00e9 - Orchestre Jonas","isPartOf":{"@id":"https:\/\/orchestrejonas.eu\/#website"},"datePublished":"2018-05-29T21:22:55+00:00","dateModified":"2023-02-17T13:30:36+00:00","breadcrumb":{"@id":"https:\/\/orchestrejonas.eu\/index.php\/accueil\/politique-de-confidentialite\/#breadcrumb"},"inLanguage":"fr-FR","potentialAction":[{"@type":"ReadAction","target":["https:\/\/orchestrejonas.eu\/index.php\/accueil\/politique-de-confidentialite\/"]}]},{"@type":"BreadcrumbList","@id":"https:\/\/orchestrejonas.eu\/index.php\/accueil\/politique-de-confidentialite\/#breadcrumb","itemListElement":[{"@type":"ListItem","position":1,"name":"Accueil","item":"https:\/\/orchestrejonas.eu\/"},{"@type":"ListItem","position":2,"name":"A propos","item":"https:\/\/orchestrejonas.eu\/"},{"@type":"ListItem","position":3,"name":"Politique de confidentialit\u00e9"}]},{"@type":"WebSite","@id":"https:\/\/orchestrejonas.eu\/#website","url":"https:\/\/orchestrejonas.eu\/","name":"Orchestre Jonas","description":"Orchestre symphonique franco-allemand","publisher":{"@id":"https:\/\/orchestrejonas.eu\/#organization"},"potentialAction":[{"@type":"SearchAction","target":{"@type":"EntryPoint","urlTemplate":"https:\/\/orchestrejonas.eu\/?s={search_term_string}"},"query-input":{"@type":"PropertyValueSpecification","valueRequired":true,"valueName":"search_term_string"}}],"inLanguage":"fr-FR"},{"@type":"Organization","@id":"https:\/\/orchestrejonas.eu\/#organization","name":"Orchestre Jonas","url":"https:\/\/orchestrejonas.eu\/","logo":{"@type":"ImageObject","inLanguage":"fr-FR","@id":"https:\/\/orchestrejonas.eu\/#\/schema\/logo\/image\/","url":"https:\/\/i0.wp.com\/orchestrejonas.eu\/wp-content\/uploads\/2018\/02\/cropped-Jonas_logo_v7c2-1-1.png?fit=1000%2C1000&ssl=1","contentUrl":"https:\/\/i0.wp.com\/orchestrejonas.eu\/wp-content\/uploads\/2018\/02\/cropped-Jonas_logo_v7c2-1-1.png?fit=1000%2C1000&ssl=1","width":1000,"height":1000,"caption":"Orchestre Jonas"},"image":{"@id":"https:\/\/orchestrejonas.eu\/#\/schema\/logo\/image\/"}}]}},"jetpack_sharing_enabled":true,"_links":{"self":[{"href":"https:\/\/orchestrejonas.eu\/index.php\/wp-json\/wp\/v2\/pages\/1300"}],"collection":[{"href":"https:\/\/orchestrejonas.eu\/index.php\/wp-json\/wp\/v2\/pages"}],"about":[{"href":"https:\/\/orchestrejonas.eu\/index.php\/wp-json\/wp\/v2\/types\/page"}],"author":[{"embeddable":true,"href":"https:\/\/orchestrejonas.eu\/index.php\/wp-json\/wp\/v2\/users\/1"}],"replies":[{"embeddable":true,"href":"https:\/\/orchestrejonas.eu\/index.php\/wp-json\/wp\/v2\/comments?post=1300"}],"version-history":[{"count":13,"href":"https:\/\/orchestrejonas.eu\/index.php\/wp-json\/wp\/v2\/pages\/1300\/revisions"}],"predecessor-version":[{"id":1831,"href":"https:\/\/orchestrejonas.eu\/index.php\/wp-json\/wp\/v2\/pages\/1300\/revisions\/1831"}],"up":[{"embeddable":true,"href":"https:\/\/orchestrejonas.eu\/index.php\/wp-json\/wp\/v2\/pages\/7"}],"wp:attachment":[{"href":"https:\/\/orchestrejonas.eu\/index.php\/wp-json\/wp\/v2\/media?parent=1300"}],"curies":[{"name":"wp","href":"https:\/\/api.w.org\/{rel}","templated":true}]}}